{"id":19195,"date":"2020-12-10T10:24:00","date_gmt":"2020-12-10T10:24:00","guid":{"rendered":"https:\/\/ht-box.com\/zabudowa-wewnetrzna\/"},"modified":"2025-10-13T20:04:36","modified_gmt":"2025-10-13T20:04:36","slug":"self-storage-interior","status":"publish","type":"page","link":"https:\/\/ht-box.com\/es\/self-storage-interior\/","title":{"rendered":"Self-Storage Interior &#8211; ES"},"content":{"rendered":"<p>[et_pb_section fb_built=\u00bb1&#8243; _builder_version=\u00bb4.19.4&#8243; background_image=\u00bbhttps:\/\/ht-box.com\/wp-content\/uploads\/2020\/12\/TLO-HT-BOX-3.png\u00bb background_size=\u00bbcontain\u00bb background_position=\u00bbtop_center\u00bb custom_margin=\u00bb0px||0px||false|false\u00bb custom_padding=\u00bb0px||0px||false|false\u00bb global_colors_info=\u00bb{}\u00bb][et_pb_row _builder_version=\u00bb4.19.4&#8243; _module_preset=\u00bbdefault\u00bb width=\u00bb100%\u00bb max_width=\u00bb100%\u00bb custom_margin=\u00bb60px||0px||false|false\u00bb custom_padding=\u00bb0px|10%|0px|10%|false|true\u00bb global_colors_info=\u00bb{}\u00bb][et_pb_column type=\u00bb4_4&#8243; _builder_version=\u00bb4.16&#8243; _module_preset=\u00bbdefault\u00bb global_colors_info=\u00bb{}\u00bb][et_pb_text _builder_version=\u00bb4.27.4&#8243; _module_preset=\u00bbdefault\u00bb text_font=\u00bbWork Sans|800|||||||\u00bb header_font=\u00bbWork Sans|200|||||||\u00bb header_font_size=\u00bb33px\u00bb custom_margin=\u00bb0px||0px||false|false\u00bb custom_padding=\u00bb0px||0px||false|false\u00bb hover_enabled=\u00bb0&#8243; global_colors_info=\u00bb{}\u00bb sticky_enabled=\u00bb0&#8243;]<\/p>\n<h1><strong>SELF-STORAGE INTERIOR<\/strong><\/h1>\n<p>[\/et_pb_text][\/et_pb_column][\/et_pb_row][et_pb_row column_structure=\u00bb2_5,3_5&#8243; use_custom_gutter=\u00bbon\u00bb make_equal=\u00bbon\u00bb _builder_version=\u00bb4.20.4&#8243; background_enable_color=\u00bboff\u00bb width=\u00bb100%\u00bb max_width=\u00bb100%\u00bb module_alignment=\u00bbcenter\u00bb custom_margin=\u00bb60px||0px||false|false\u00bb custom_padding=\u00bb0px|9%|0px|9%|false|false\u00bb border_color_bottom=\u00bb#ffffff\u00bb global_colors_info=\u00bb{}\u00bb][et_pb_column type=\u00bb2_5&#8243; _builder_version=\u00bb4.16&#8243; custom_padding=\u00bb|||\u00bb global_colors_info=\u00bb{}\u00bb custom_padding__hover=\u00bb|||\u00bb][et_pb_image src=\u00bbhttps:\/\/ht-box.com\/wp-content\/uploads\/2023\/08\/Zabudowa-wewnetrzna-self-storage.webp\u00bb title_text=\u00bbZabudowa wewnetrzna self storage\u00bb align_tablet=\u00bbcenter\u00bb align_phone=\u00bb\u00bb align_last_edited=\u00bbon|desktop\u00bb _builder_version=\u00bb4.20.4&#8243; position_origin_a=\u00bbbottom_center\u00bb width=\u00bb100%\u00bb global_colors_info=\u00bb{}\u00bb][\/et_pb_image][et_pb_blurb title=\u00bbBezpiecze\u0144stwo\u00bb use_icon=\u00bbon\u00bb font_icon=\u00bb&#xe0d9;||divi||400&#8243; icon_color=\u00bb#E02B20&#8243; icon_placement=\u00bbleft\u00bb image_icon_width=\u00bb26px\u00bb _builder_version=\u00bb4.20.4&#8243; _module_preset=\u00bbdefault\u00bb header_level=\u00bbh2&#8243; header_font=\u00bbWork Sans||||||||\u00bb header_font_size=\u00bb26px\u00bb custom_margin=\u00bb10px||10px||true|false\u00bb custom_padding=\u00bb0px||0px||false|false\u00bb global_colors_info=\u00bb{}\u00bb][\/et_pb_blurb][et_pb_blurb title=\u00bbDrzwi rozwierane\u00bb use_icon=\u00bbon\u00bb font_icon=\u00bb&#xf52b;||fa||900&#8243; icon_color=\u00bb#E02B20&#8243; icon_placement=\u00bbleft\u00bb image_icon_width=\u00bb26px\u00bb _builder_version=\u00bb4.20.4&#8243; _module_preset=\u00bbdefault\u00bb header_level=\u00bbh2&#8243; header_font=\u00bbWork Sans||||||||\u00bb header_font_size=\u00bb26px\u00bb custom_margin=\u00bb10px||10px||true|false\u00bb custom_padding=\u00bb0px||0px||false|false\u00bb global_colors_info=\u00bb{}\u00bb][\/et_pb_blurb][et_pb_blurb title=\u00bbLekki sufit\u00bb use_icon=\u00bbon\u00bb font_icon=\u00bb&#xf56b;||fa||900&#8243; icon_color=\u00bb#E02B20&#8243; icon_placement=\u00bbleft\u00bb image_icon_width=\u00bb26px\u00bb _builder_version=\u00bb4.20.4&#8243; _module_preset=\u00bbdefault\u00bb header_level=\u00bbh2&#8243; header_font=\u00bbWork Sans||||||||\u00bb header_font_size=\u00bb26px\u00bb custom_margin=\u00bb10px||10px||true|false\u00bb custom_padding=\u00bb0px||0px||false|false\u00bb global_colors_info=\u00bb{}\u00bb][\/et_pb_blurb][et_pb_blurb title=\u00bbSiatka zabezpieczaj\u0105ca\u00bb use_icon=\u00bbon\u00bb font_icon=\u00bb&#xe08d;||divi||400&#8243; icon_color=\u00bb#E02B20&#8243; icon_placement=\u00bbleft\u00bb image_icon_width=\u00bb26px\u00bb _builder_version=\u00bb4.20.4&#8243; _module_preset=\u00bbdefault\u00bb header_level=\u00bbh2&#8243; header_font=\u00bbWork Sans||||||||\u00bb header_font_size=\u00bb26px\u00bb custom_margin=\u00bb10px||10px||true|false\u00bb custom_padding=\u00bb0px||0px||false|false\u00bb global_colors_info=\u00bb{}\u00bb][\/et_pb_blurb][et_pb_blurb title=\u00bbCoko\u0142y ochronne\u00bb use_icon=\u00bbon\u00bb font_icon=\u00bb&#xf2d0;||fa||400&#8243; icon_color=\u00bb#E02B20&#8243; icon_placement=\u00bbleft\u00bb image_icon_width=\u00bb26px\u00bb _builder_version=\u00bb4.20.4&#8243; _module_preset=\u00bbdefault\u00bb header_level=\u00bbh2&#8243; header_font=\u00bbWork Sans||||||||\u00bb header_font_size=\u00bb26px\u00bb custom_margin=\u00bb10px||10px||true|false\u00bb custom_padding=\u00bb0px||0px||false|false\u00bb global_colors_info=\u00bb{}\u00bb][\/et_pb_blurb][et_pb_blurb title=\u00bb\u015aciany dzia\u0142owe\u00bb use_icon=\u00bbon\u00bb font_icon=\u00bb&#xf1b2;||fa||900&#8243; icon_color=\u00bb#E02B20&#8243; icon_placement=\u00bbleft\u00bb image_icon_width=\u00bb26px\u00bb _builder_version=\u00bb4.20.4&#8243; _module_preset=\u00bbdefault\u00bb header_level=\u00bbh2&#8243; header_font=\u00bbWork Sans||||||||\u00bb header_font_size=\u00bb26px\u00bb custom_margin=\u00bb10px||10px||true|false\u00bb custom_padding=\u00bb0px||0px||false|false\u00bb global_colors_info=\u00bb{}\u00bb][\/et_pb_blurb][et_pb_blurb title=\u00bbSystem korytarzy\u00bb use_icon=\u00bbon\u00bb font_icon=\u00bb&#xf018;||fa||900&#8243; icon_color=\u00bb#E02B20&#8243; icon_placement=\u00bbleft\u00bb image_icon_width=\u00bb26px\u00bb _builder_version=\u00bb4.20.4&#8243; _module_preset=\u00bbdefault\u00bb header_level=\u00bbh2&#8243; header_font=\u00bbWork Sans||||||||\u00bb header_font_size=\u00bb26px\u00bb custom_margin=\u00bb10px||10px||true|false\u00bb custom_padding=\u00bb0px||0px||false|false\u00bb global_colors_info=\u00bb{}\u00bb][\/et_pb_blurb][et_pb_blurb title=\u00bbEstetyka i komfort\u00bb use_icon=\u00bbon\u00bb font_icon=\u00bb&#xf118;||fa||900&#8243; icon_color=\u00bb#E02B20&#8243; icon_placement=\u00bbleft\u00bb image_icon_width=\u00bb26px\u00bb _builder_version=\u00bb4.20.4&#8243; _module_preset=\u00bbdefault\u00bb header_level=\u00bbh2&#8243; header_font=\u00bbWork Sans||||||||\u00bb header_font_size=\u00bb26px\u00bb custom_margin=\u00bb10px||30px||false|false\u00bb custom_padding=\u00bb0px||0px||false|false\u00bb global_colors_info=\u00bb{}\u00bb][\/et_pb_blurb][\/et_pb_column][et_pb_column type=\u00bb3_5&#8243; _builder_version=\u00bb4.16&#8243; custom_padding=\u00bb|||\u00bb global_colors_info=\u00bb{}\u00bb custom_padding__hover=\u00bb|||\u00bb][et_pb_text _builder_version=\u00bb4.27.4&#8243; text_font=\u00bbWork Sans||||||||\u00bb text_text_color=\u00bb#434342&#8243; text_font_size=\u00bb18px\u00bb link_text_color=\u00bb#0C71C3&#8243; header_text_color=\u00bb#434342&#8243; header_2_font=\u00bbWork Sans|700|||||||\u00bb header_2_text_color=\u00bb#434342&#8243; header_2_font_size=\u00bb30px\u00bb header_3_text_color=\u00bb#434342&#8243; header_3_line_height=\u00bb1.4em\u00bb text_orientation=\u00bbjustified\u00bb background_layout=\u00bbdark\u00bb custom_padding=\u00bb0px||0px||false|false\u00bb hover_enabled=\u00bb0&#8243; global_colors_info=\u00bb{}\u00bb sticky_enabled=\u00bb0&#8243;]<\/p>\n<p>El mobiliario interior Self-Storage es una soluci\u00f3n avanzada que permite aprovechar al m\u00e1ximo el espacio para almacenar diversos objetos de forma funcional y organizada. Este innovador concepto est\u00e1 dise\u00f1ado para garantizar un nivel excepcional de seguridad y comodidad.<\/p>\n<p>El mobiliario interior para self storage ha sido dise\u00f1ado para maximizar la eficiencia del almacenamiento. Utiliza sistemas avanzados de estanter\u00edas, baldas y estructuras modulares para garantizar una organizaci\u00f3n \u00f3ptima y un f\u00e1cil acceso a los objetos almacenados. De este modo, se aprovecha al m\u00e1ximo cada espacio, eliminando el desperdicio de espacio.<\/p>\n<p>No importa si sus clientes necesitan almacenar objetos personales, documentos u objetos de la empresa: el mobiliario interior de Self Storage ofrece una soluci\u00f3n completa y personalizada. Gracias a la posibilidad de adaptar las dimensiones y la configuraci\u00f3n, podemos ajustar perfectamente el mobiliario a sus necesidades, lo que le garantiza una flexibilidad y una eficacia de almacenamiento excepcionales.<\/p>\n<p>Al introducir un elemento de innovaci\u00f3n y excelencia en el espacio de almacenamiento, el mobiliario interior para self storage eleva los est\u00e1ndares de organizaci\u00f3n y seguridad, al tiempo que garantiza una comodidad excepcional en el uso y la accesibilidad a los objetos almacenados.<\/p>\n<p>&nbsp;<\/p>\n<p>[\/et_pb_text][et_pb_image src=\u00bbhttps:\/\/ht-box.com\/wp-content\/uploads\/2023\/08\/Zabudowa-wewnetrzna-self-storage-system-korytarzy.webp\u00bb title_text=\u00bbZabudowa wewnetrzna self storage system korytarzy\u00bb _builder_version=\u00bb4.20.4&#8243; _module_preset=\u00bbdefault\u00bb custom_margin=\u00bb65px||||false|false\u00bb global_colors_info=\u00bb{}\u00bb][\/et_pb_image][\/et_pb_column][\/et_pb_row][et_pb_row column_structure=\u00bb1_2,1_2&#8243; _builder_version=\u00bb4.20.4&#8243; _module_preset=\u00bbdefault\u00bb background_color=\u00bb#FFFFFF\u00bb width=\u00bb100%\u00bb max_width=\u00bb100%\u00bb custom_margin=\u00bb0px||0px||false|false\u00bb custom_padding=\u00bb60px|9%|0px|9%|false|true\u00bb global_colors_info=\u00bb{}\u00bb][et_pb_column type=\u00bb1_2&#8243; _builder_version=\u00bb4.19.4&#8243; _module_preset=\u00bbdefault\u00bb global_colors_info=\u00bb{}\u00bb][et_pb_image src=\u00bbhttps:\/\/ht-box.com\/wp-content\/uploads\/2023\/08\/Zabudowa-wewnetrzna-self-storage-Bezpieczenstwo-1.webp\u00bb title_text=\u00bbZabudowa wewnetrzna self storage Bezpieczenstwo\u00bb _builder_version=\u00bb4.20.4&#8243; _module_preset=\u00bbdefault\u00bb global_colors_info=\u00bb{}\u00bb][\/et_pb_image][\/et_pb_column][et_pb_column type=\u00bb1_2&#8243; _builder_version=\u00bb4.19.4&#8243; _module_preset=\u00bbdefault\u00bb global_colors_info=\u00bb{}\u00bb][et_pb_text ul_item_indent=\u00bb36px\u00bb _builder_version=\u00bb4.27.4&#8243; text_font=\u00bbWork Sans||||||||\u00bb text_text_color=\u00bb#434342&#8243; text_font_size=\u00bb16px\u00bb text_line_height=\u00bb1.3em\u00bb link_text_color=\u00bb#0C71C3&#8243; header_text_color=\u00bb#434342&#8243; header_2_font=\u00bb|700|||||||\u00bb header_2_text_color=\u00bb#434342&#8243; header_2_font_size=\u00bb30px\u00bb header_3_text_color=\u00bb#434342&#8243; header_3_line_height=\u00bb1.4em\u00bb background_layout=\u00bbdark\u00bb custom_margin=\u00bb65px||||false|false\u00bb custom_padding=\u00bb0px||0px||false|false\u00bb hover_enabled=\u00bb0&#8243; border_width_bottom=\u00bb1px\u00bb border_color_bottom=\u00bb#000000&#8243; global_colors_info=\u00bb{}\u00bb sticky_enabled=\u00bb0&#8243;]<\/p>\n<h2>Almacenamiento interno y seguridad<\/h2>\n<p>[\/et_pb_text][et_pb_text _builder_version=\u00bb4.27.4&#8243; global_colors_info=\u00bb{}\u00bb text_font=\u00bbWork Sans||||||||\u00bb text_text_color=\u00bb#434342&#8243; text_font_size=\u00bb18px\u00bb link_text_color=\u00bb#0C71C3&#8243; header_text_color=\u00bb#434342&#8243; header_2_font=\u00bbWork Sans|700|||||||\u00bb header_2_text_color=\u00bb#434342&#8243; header_2_font_size=\u00bb30px\u00bb header_3_text_color=\u00bb#434342&#8243; header_3_line_height=\u00bb1.4em\u00bb text_orientation=\u00bbjustified\u00bb background_layout=\u00bbdark\u00bb custom_padding=\u00bb0px||0px||false|false\u00bb]<\/p>\n<p>La seguridad es una prioridad en el dise\u00f1o del interior de los almacenes de Self-Storage. Las cerraduras avanzadas, los controles de acceso y la vigilancia 24\/7 garantizan que los objetos almacenados est\u00e9n protegidos contra el acceso no autorizado y el robo. Adem\u00e1s, las soluciones de protecci\u00f3n especiales protegen los objetos contra da\u00f1os o condiciones clim\u00e1ticas adversas.<\/p>\n<p>[\/et_pb_text][\/et_pb_column][\/et_pb_row][et_pb_row column_structure=\u00bb1_2,1_2&#8243; _builder_version=\u00bb4.20.4&#8243; _module_preset=\u00bbdefault\u00bb background_color=\u00bb#fafafa\u00bb width=\u00bb100%\u00bb max_width=\u00bb100%\u00bb custom_margin=\u00bb0px||0px||false|false\u00bb custom_padding=\u00bb60px|9%|0px|9%|false|true\u00bb global_colors_info=\u00bb{}\u00bb][et_pb_column type=\u00bb1_2&#8243; _builder_version=\u00bb4.19.4&#8243; _module_preset=\u00bbdefault\u00bb global_colors_info=\u00bb{}\u00bb][et_pb_text ul_item_indent=\u00bb36px\u00bb _builder_version=\u00bb4.27.4&#8243; text_font=\u00bbWork Sans||||||||\u00bb text_text_color=\u00bb#434342&#8243; text_font_size=\u00bb16px\u00bb text_line_height=\u00bb1.3em\u00bb link_text_color=\u00bb#0C71C3&#8243; header_text_color=\u00bb#434342&#8243; header_2_font=\u00bb|700|||||||\u00bb header_2_text_color=\u00bb#434342&#8243; header_2_font_size=\u00bb30px\u00bb header_3_text_color=\u00bb#434342&#8243; header_3_line_height=\u00bb1.4em\u00bb background_layout=\u00bbdark\u00bb custom_margin=\u00bb65px||||false|false\u00bb custom_padding=\u00bb0px||0px||false|false\u00bb hover_enabled=\u00bb0&#8243; border_width_bottom=\u00bb1px\u00bb border_color_bottom=\u00bb#000000&#8243; global_colors_info=\u00bb{}\u00bb sticky_enabled=\u00bb0&#8243;]<\/p>\n<h2>Puertas<\/h2>\n<p>[\/et_pb_text][et_pb_text _builder_version=\u00bb4.20.4&#8243; text_font=\u00bbWork Sans||||||||\u00bb text_text_color=\u00bb#434342&#8243; text_font_size=\u00bb18px\u00bb link_text_color=\u00bb#0C71C3&#8243; header_text_color=\u00bb#434342&#8243; header_2_font=\u00bbWork Sans|700|||||||\u00bb header_2_text_color=\u00bb#434342&#8243; header_2_font_size=\u00bb30px\u00bb header_3_text_color=\u00bb#434342&#8243; header_3_line_height=\u00bb1.4em\u00bb background_layout=\u00bbdark\u00bb custom_padding=\u00bb0px||0px||false|false\u00bb global_colors_info=\u00bb{}\u00bb text_orientation=\u00bbjustified\u00bb]<\/p>\n<p>Las puertas batientes son una alternativa interesante a las puertas enrollables. Est\u00e1n disponibles en el tama\u00f1o est\u00e1ndar de 1000 mm. Se pueden instalar en configuraci\u00f3n de una o dos hojas, lo que ofrece una mayor flexibilidad para adaptarse a las necesidades. Adem\u00e1s, existe la opci\u00f3n de pedir puertas de tama\u00f1os no est\u00e1ndar para satisfacer plenamente las necesidades individuales.<\/p>\n<p>[\/et_pb_text][\/et_pb_column][et_pb_column type=\u00bb1_2&#8243; _builder_version=\u00bb4.19.4&#8243; _module_preset=\u00bbdefault\u00bb global_colors_info=\u00bb{}\u00bb][et_pb_image src=\u00bbhttps:\/\/ht-box.com\/wp-content\/uploads\/2023\/08\/Zabudowa-wewnetrzna-self-storage-bezpieczenstwo.webp\u00bb title_text=\u00bbZabudowa wewnetrzna self storage bezpieczenstwo\u00bb _builder_version=\u00bb4.20.4&#8243; _module_preset=\u00bbdefault\u00bb global_colors_info=\u00bb{}\u00bb][\/et_pb_image][\/et_pb_column][\/et_pb_row][et_pb_row column_structure=\u00bb1_2,1_2&#8243; _builder_version=\u00bb4.20.4&#8243; _module_preset=\u00bbdefault\u00bb background_color=\u00bb#FFFFFF\u00bb width=\u00bb100%\u00bb max_width=\u00bb100%\u00bb custom_margin=\u00bb0px||0px||false|false\u00bb custom_padding=\u00bb60px|9%|0px|9%|false|true\u00bb global_colors_info=\u00bb{}\u00bb][et_pb_column type=\u00bb1_2&#8243; _builder_version=\u00bb4.19.4&#8243; _module_preset=\u00bbdefault\u00bb global_colors_info=\u00bb{}\u00bb][et_pb_image src=\u00bbhttps:\/\/ht-box.com\/wp-content\/uploads\/2023\/08\/HT-BOX-Zabudowa-wewnetrzna-self-storage-lekki-sufit.jpg\u00bb title_text=\u00bbHT-BOX Zabudowa wewnetrzna self storage lekki sufit\u00bb _builder_version=\u00bb4.20.4&#8243; _module_preset=\u00bbdefault\u00bb global_colors_info=\u00bb{}\u00bb][\/et_pb_image][\/et_pb_column][et_pb_column type=\u00bb1_2&#8243; _builder_version=\u00bb4.19.4&#8243; _module_preset=\u00bbdefault\u00bb global_colors_info=\u00bb{}\u00bb][et_pb_text ul_item_indent=\u00bb36px\u00bb _builder_version=\u00bb4.27.4&#8243; text_font=\u00bbWork Sans||||||||\u00bb text_text_color=\u00bb#434342&#8243; text_font_size=\u00bb16px\u00bb text_line_height=\u00bb1.3em\u00bb link_text_color=\u00bb#0C71C3&#8243; header_text_color=\u00bb#434342&#8243; header_2_font=\u00bb|700|||||||\u00bb header_2_text_color=\u00bb#434342&#8243; header_2_font_size=\u00bb30px\u00bb header_3_text_color=\u00bb#434342&#8243; header_3_line_height=\u00bb1.4em\u00bb background_layout=\u00bbdark\u00bb custom_margin=\u00bb65px||||false|false\u00bb custom_padding=\u00bb0px||0px||false|false\u00bb hover_enabled=\u00bb0&#8243; border_width_bottom=\u00bb1px\u00bb border_color_bottom=\u00bb#000000&#8243; global_colors_info=\u00bb{}\u00bb sticky_enabled=\u00bb0&#8243;]<\/p>\n<h2>Techo ligero<\/h2>\n<p>[\/et_pb_text][et_pb_text _builder_version=\u00bb4.20.4&#8243; text_font=\u00bbWork Sans||||||||\u00bb text_text_color=\u00bb#434342&#8243; text_font_size=\u00bb18px\u00bb link_text_color=\u00bb#0C71C3&#8243; header_text_color=\u00bb#434342&#8243; header_2_font=\u00bbWork Sans|700|||||||\u00bb header_2_text_color=\u00bb#434342&#8243; header_2_font_size=\u00bb30px\u00bb header_3_text_color=\u00bb#434342&#8243; header_3_line_height=\u00bb1.4em\u00bb background_layout=\u00bbdark\u00bb custom_padding=\u00bb0px||0px||false|false\u00bb global_colors_info=\u00bb{}\u00bb text_orientation=\u00bbjustified\u00bb]<\/p>\n<p>Los paneles de techo se colocan en los pasillos a la altura del sistema de cub\u00edculos, lo que da como resultado un entorno limpio, luminoso, atractivo y agradable para todos los usuarios. Su principal aplicaci\u00f3n es la instalaci\u00f3n de iluminaci\u00f3n de pasillos, iluminaci\u00f3n de emergencia, sistemas de vigilancia, sensores contra incendios y como canaletas para cables. De este modo, creamos una soluci\u00f3n integral y funcional que mejora la calidad y la seguridad del espacio.<\/p>\n<p>[\/et_pb_text][\/et_pb_column][\/et_pb_row][et_pb_row column_structure=\u00bb1_2,1_2&#8243; _builder_version=\u00bb4.20.4&#8243; _module_preset=\u00bbdefault\u00bb background_color=\u00bb#fafafa\u00bb width=\u00bb100%\u00bb max_width=\u00bb100%\u00bb custom_margin=\u00bb0px||0px||false|false\u00bb custom_padding=\u00bb60px|9%|0px|9%|false|true\u00bb global_colors_info=\u00bb{}\u00bb][et_pb_column type=\u00bb1_2&#8243; _builder_version=\u00bb4.19.4&#8243; _module_preset=\u00bbdefault\u00bb global_colors_info=\u00bb{}\u00bb][et_pb_text ul_item_indent=\u00bb36px\u00bb _builder_version=\u00bb4.27.4&#8243; text_font=\u00bbWork Sans||||||||\u00bb text_text_color=\u00bb#434342&#8243; text_font_size=\u00bb16px\u00bb text_line_height=\u00bb1.3em\u00bb link_text_color=\u00bb#0C71C3&#8243; header_text_color=\u00bb#434342&#8243; header_2_font=\u00bb|700|||||||\u00bb header_2_text_color=\u00bb#434342&#8243; header_2_font_size=\u00bb30px\u00bb header_3_text_color=\u00bb#434342&#8243; header_3_line_height=\u00bb1.4em\u00bb background_layout=\u00bbdark\u00bb custom_margin=\u00bb65px||||false|false\u00bb custom_padding=\u00bb0px||0px||false|false\u00bb hover_enabled=\u00bb0&#8243; border_width_bottom=\u00bb1px\u00bb border_color_bottom=\u00bb#000000&#8243; global_colors_info=\u00bb{}\u00bb sticky_enabled=\u00bb0&#8243;]<\/p>\n<h2>Malla de seguridad<\/h2>\n<p>[\/et_pb_text][et_pb_text ul_item_indent=\u00bb36px\u00bb _builder_version=\u00bb4.20.4&#8243; text_font=\u00bbWork Sans||||||||\u00bb text_text_color=\u00bb#434342&#8243; text_font_size=\u00bb16px\u00bb text_line_height=\u00bb1.3em\u00bb link_text_color=\u00bb#0C71C3&#8243; header_text_color=\u00bb#434342&#8243; header_2_font=\u00bb|700|||||||\u00bb header_2_text_color=\u00bb#434342&#8243; header_2_font_size=\u00bb30px\u00bb header_3_text_color=\u00bb#434342&#8243; header_3_line_height=\u00bb1.4em\u00bb background_layout=\u00bbdark\u00bb custom_margin=\u00bb||||false|false\u00bb custom_padding=\u00bb0px||0px||false|false\u00bb global_colors_info=\u00bb{}\u00bb]<\/p>\n<p>M\u00e9todo econ\u00f3mico para garantizar la seguridad, al tiempo que permite la libre circulaci\u00f3n del aire. Utiliza una malla galvanizada de 50 mm x 50 mm x 1,29 mm.<\/p>\n<p>[\/et_pb_text][et_pb_menu menu_id=\u00bb89&#8243; module_class=\u00bblwp-hide-mobile-menu\u00bb _builder_version=\u00bb4.27.4&#8243; _module_preset=\u00bbdefault\u00bb background_enable_color=\u00bboff\u00bb text_orientation=\u00bbright\u00bb custom_margin=\u00bb0px||||false|false\u00bb custom_margin_tablet=\u00bb10px||||false|false\u00bb custom_margin_phone=\u00bb-100px||||false|false\u00bb custom_margin_last_edited=\u00bbon|phone\u00bb custom_padding=\u00bb20px||10px||false|false\u00bb global_colors_info=\u00bb{}\u00bb locked=\u00bboff\u00bb][\/et_pb_menu][\/et_pb_column][et_pb_column type=\u00bb1_2&#8243; _builder_version=\u00bb4.19.4&#8243; _module_preset=\u00bbdefault\u00bb global_colors_info=\u00bb{}\u00bb][et_pb_image src=\u00bbhttps:\/\/ht-box.com\/wp-content\/uploads\/2023\/08\/Zabudowa-wewnetrzna-self-storage-siatka-zabezpieczajaca.webp\u00bb title_text=\u00bbZabudowa wewnetrzna self storage siatka zabezpieczajaca\u00bb _builder_version=\u00bb4.20.4&#8243; _module_preset=\u00bbdefault\u00bb global_colors_info=\u00bb{}\u00bb][\/et_pb_image][\/et_pb_column][\/et_pb_row][et_pb_row column_structure=\u00bb1_2,1_2&#8243; _builder_version=\u00bb4.20.4&#8243; _module_preset=\u00bbdefault\u00bb background_color=\u00bb#FFFFFF\u00bb width=\u00bb100%\u00bb max_width=\u00bb100%\u00bb custom_margin=\u00bb0px||0px||false|false\u00bb custom_padding=\u00bb60px|9%|0px|9%|false|true\u00bb global_colors_info=\u00bb{}\u00bb][et_pb_column type=\u00bb1_2&#8243; _builder_version=\u00bb4.19.4&#8243; _module_preset=\u00bbdefault\u00bb global_colors_info=\u00bb{}\u00bb][et_pb_image src=\u00bbhttps:\/\/ht-box.com\/wp-content\/uploads\/2023\/08\/Zabudowa-wewnetrzna-self-storage-cokul-ochronny-.webp\u00bb title_text=\u00bbZabudowa wewnetrzna self storage cokul ochronny\u00bb _builder_version=\u00bb4.20.4&#8243; _module_preset=\u00bbdefault\u00bb global_colors_info=\u00bb{}\u00bb][\/et_pb_image][\/et_pb_column][et_pb_column type=\u00bb1_2&#8243; _builder_version=\u00bb4.19.4&#8243; _module_preset=\u00bbdefault\u00bb global_colors_info=\u00bb{}\u00bb][et_pb_text ul_item_indent=\u00bb36px\u00bb _builder_version=\u00bb4.27.4&#8243; text_font=\u00bbWork Sans||||||||\u00bb text_text_color=\u00bb#434342&#8243; text_font_size=\u00bb16px\u00bb text_line_height=\u00bb1.3em\u00bb link_text_color=\u00bb#0C71C3&#8243; header_text_color=\u00bb#434342&#8243; header_2_font=\u00bb|700|||||||\u00bb header_2_text_color=\u00bb#434342&#8243; header_2_font_size=\u00bb30px\u00bb header_3_text_color=\u00bb#434342&#8243; header_3_line_height=\u00bb1.4em\u00bb background_layout=\u00bbdark\u00bb custom_margin=\u00bb65px||||false|false\u00bb custom_padding=\u00bb0px||0px||false|false\u00bb hover_enabled=\u00bb0&#8243; border_width_bottom=\u00bb1px\u00bb border_color_bottom=\u00bb#000000&#8243; global_colors_info=\u00bb{}\u00bb sticky_enabled=\u00bb0&#8243;]<\/p>\n<h2>Z\u00f3calo protector<\/h2>\n<p>[\/et_pb_text][et_pb_text _builder_version=\u00bb4.27.4&#8243; text_font=\u00bbWork Sans||||||||\u00bb text_text_color=\u00bb#434342&#8243; text_font_size=\u00bb18px\u00bb link_text_color=\u00bb#0C71C3&#8243; header_text_color=\u00bb#434342&#8243; header_2_font=\u00bbWork Sans|700|||||||\u00bb header_2_text_color=\u00bb#434342&#8243; header_2_font_size=\u00bb30px\u00bb header_3_text_color=\u00bb#434342&#8243; header_3_line_height=\u00bb1.4em\u00bb background_layout=\u00bbdark\u00bb custom_padding=\u00bb0px||0px||false|false\u00bb global_colors_info=\u00bb{}\u00bb sticky_enabled=\u00bb0&#8243; text_orientation=\u00bbjustified\u00bb]<\/p>\n<p>Cumple una funci\u00f3n de refuerzo para las paredes y protege eficazmente contra ara\u00f1azos y abolladuras, causados, por ejemplo, por golpes con carretillas elevadoras o pal\u00e9s. Hay dos opciones disponibles: chapa de aluminio estriada de 2 mm de espesor con un patr\u00f3n de estriado caracter\u00edstico, o chapa plana galvanizada de 0,5 mm de espesor. Se instala de forma permanente a lo largo de los pasillos a 300 mm del suelo y en las esquinas a 1200 mm de altura. Act\u00faa como una barrera protectora eficaz, no solo reforzando la estructura, sino tambi\u00e9n protegi\u00e9ndola contra da\u00f1os.<\/p>\n<p>[\/et_pb_text][\/et_pb_column][\/et_pb_row][et_pb_row column_structure=\u00bb1_2,1_2&#8243; _builder_version=\u00bb4.20.4&#8243; _module_preset=\u00bbdefault\u00bb background_color=\u00bb#FFFFFF\u00bb width=\u00bb100%\u00bb max_width=\u00bb100%\u00bb custom_margin=\u00bb0px||0px||false|false\u00bb custom_padding=\u00bb60px|9%|0px|9%|false|true\u00bb global_colors_info=\u00bb{}\u00bb][et_pb_column type=\u00bb1_2&#8243; _builder_version=\u00bb4.19.4&#8243; _module_preset=\u00bbdefault\u00bb global_colors_info=\u00bb{}\u00bb][et_pb_text ul_item_indent=\u00bb36px\u00bb _builder_version=\u00bb4.27.4&#8243; text_font=\u00bbWork Sans||||||||\u00bb text_text_color=\u00bb#434342&#8243; text_font_size=\u00bb16px\u00bb text_line_height=\u00bb1.3em\u00bb link_text_color=\u00bb#0C71C3&#8243; header_text_color=\u00bb#434342&#8243; header_2_font=\u00bb|700|||||||\u00bb header_2_text_color=\u00bb#434342&#8243; header_2_font_size=\u00bb30px\u00bb header_3_text_color=\u00bb#434342&#8243; header_3_line_height=\u00bb1.4em\u00bb background_layout=\u00bbdark\u00bb custom_margin=\u00bb65px||||false|false\u00bb custom_padding=\u00bb0px||0px||false|false\u00bb hover_enabled=\u00bb0&#8243; border_width_bottom=\u00bb1px\u00bb border_color_bottom=\u00bb#000000&#8243; global_colors_info=\u00bb{}\u00bb sticky_enabled=\u00bb0&#8243;]<\/p>\n<h2>Paredes divisorias<\/h2>\n<p>[\/et_pb_text][et_pb_text _builder_version=\u00bb4.27.4&#8243; text_font=\u00bbWork Sans||||||||\u00bb text_text_color=\u00bb#434342&#8243; text_font_size=\u00bb18px\u00bb link_text_color=\u00bb#0C71C3&#8243; header_text_color=\u00bb#434342&#8243; header_2_font=\u00bbWork Sans|700|||||||\u00bb header_2_text_color=\u00bb#434342&#8243; header_2_font_size=\u00bb30px\u00bb header_3_text_color=\u00bb#434342&#8243; header_3_line_height=\u00bb1.4em\u00bb background_layout=\u00bbdark\u00bb custom_padding=\u00bb0px||0px||false|false\u00bb global_colors_info=\u00bb{}\u00bb sticky_enabled=\u00bb0&#8243; text_orientation=\u00bbjustified\u00bb]<\/p>\n<p>Cada pared divisoria se basa en nuestro sistema patentado de uni\u00f3n segura de paneles, dise\u00f1ado para minimizar los bordes afilados y los elementos salientes. Los materiales con los que se fabrican estas paredes son l\u00e1minas recubiertas con una capa de aleaci\u00f3n de aluminio y zinc, lo que las hace cuatro veces m\u00e1s resistentes a la corrosi\u00f3n que el acero galvanizado. Adem\u00e1s, eliminamos las fijaciones verticales de las chapas, como tornillos o remaches, lo que reduce considerablemente el riesgo de que haya fragmentos afilados.<\/p>\n<p>[\/et_pb_text][\/et_pb_column][et_pb_column type=\u00bb1_2&#8243; _builder_version=\u00bb4.19.4&#8243; _module_preset=\u00bbdefault\u00bb global_colors_info=\u00bb{}\u00bb][et_pb_image src=\u00bbhttps:\/\/ht-box.com\/wp-content\/uploads\/2023\/08\/HT-BOX-Zabudowa-wewnetrzna-self-storage-lekki-sufit.jpg\u00bb title_text=\u00bbHT-BOX Zabudowa wewnetrzna self storage lekki sufit\u00bb _builder_version=\u00bb4.20.4&#8243; _module_preset=\u00bbdefault\u00bb global_colors_info=\u00bb{}\u00bb][\/et_pb_image][\/et_pb_column][\/et_pb_row][et_pb_row column_structure=\u00bb1_2,1_2&#8243; _builder_version=\u00bb4.20.4&#8243; _module_preset=\u00bbdefault\u00bb background_color=\u00bb#fafafa\u00bb width=\u00bb100%\u00bb max_width=\u00bb100%\u00bb custom_margin=\u00bb0px||0px||false|false\u00bb custom_padding=\u00bb60px|9%|0px|9%|false|true\u00bb global_colors_info=\u00bb{}\u00bb][et_pb_column type=\u00bb1_2&#8243; _builder_version=\u00bb4.19.4&#8243; _module_preset=\u00bbdefault\u00bb global_colors_info=\u00bb{}\u00bb][et_pb_image src=\u00bbhttps:\/\/ht-box.com\/wp-content\/uploads\/2023\/08\/Zabudowa-wewnetrzna-self-storage-drzwi.webp\u00bb title_text=\u00bbZabudowa wewnetrzna self storage &#8211; drzwi\u00bb _builder_version=\u00bb4.20.4&#8243; _module_preset=\u00bbdefault\u00bb global_colors_info=\u00bb{}\u00bb][\/et_pb_image][\/et_pb_column][et_pb_column type=\u00bb1_2&#8243; _builder_version=\u00bb4.19.4&#8243; _module_preset=\u00bbdefault\u00bb global_colors_info=\u00bb{}\u00bb][et_pb_text ul_item_indent=\u00bb36px\u00bb _builder_version=\u00bb4.27.4&#8243; text_font=\u00bbWork Sans||||||||\u00bb text_text_color=\u00bb#434342&#8243; text_font_size=\u00bb16px\u00bb text_line_height=\u00bb1.3em\u00bb link_text_color=\u00bb#0C71C3&#8243; header_text_color=\u00bb#434342&#8243; header_2_font=\u00bb|700|||||||\u00bb header_2_text_color=\u00bb#434342&#8243; header_2_font_size=\u00bb30px\u00bb header_3_text_color=\u00bb#434342&#8243; header_3_line_height=\u00bb1.4em\u00bb background_layout=\u00bbdark\u00bb custom_margin=\u00bb65px||||false|false\u00bb custom_padding=\u00bb0px||0px||false|false\u00bb hover_enabled=\u00bb0&#8243; border_width_bottom=\u00bb1px\u00bb border_color_bottom=\u00bb#000000&#8243; global_colors_info=\u00bb{}\u00bb sticky_enabled=\u00bb0&#8243;]<\/p>\n<h2>Sistema de pasillos<\/h2>\n<p>[\/et_pb_text][et_pb_text _builder_version=\u00bb4.27.4&#8243; text_font=\u00bbWork Sans||||||||\u00bb text_text_color=\u00bb#434342&#8243; text_font_size=\u00bb18px\u00bb link_text_color=\u00bb#0C71C3&#8243; header_text_color=\u00bb#434342&#8243; header_2_font=\u00bbWork Sans|700|||||||\u00bb header_2_text_color=\u00bb#434342&#8243; header_2_font_size=\u00bb30px\u00bb header_3_text_color=\u00bb#434342&#8243; header_3_line_height=\u00bb1.4em\u00bb background_layout=\u00bbdark\u00bb custom_padding=\u00bb0px||0px||false|false\u00bb global_colors_info=\u00bb{}\u00bb sticky_enabled=\u00bb0&#8243; text_orientation=\u00bbjustified\u00bb]<\/p>\n<p>Una caracter\u00edstica distintiva de nuestros sistemas es la total adaptabilidad de la disposici\u00f3n de los cub\u00edculos a cualquier superficie. Todas las paredes son autoportantes, lo que elimina la necesidad de utilizar estructuras adicionales que podr\u00edan suponer un coste excesivo. Fabricados con chapa recubierta de una aleaci\u00f3n de aluminio y zinc, nuestros productos son cuatro veces m\u00e1s resistentes a la corrosi\u00f3n que el acero galvanizado. Esto no solo garantiza su durabilidad, sino que tambi\u00e9n hace que el almacenamiento sea f\u00e1cil y agradable durante muchos a\u00f1os.<\/p>\n<p>[\/et_pb_text][\/et_pb_column][\/et_pb_row][et_pb_row column_structure=\u00bb1_2,1_2&#8243; _builder_version=\u00bb4.20.4&#8243; _module_preset=\u00bbdefault\u00bb background_color=\u00bb#FFFFFF\u00bb width=\u00bb100%\u00bb max_width=\u00bb100%\u00bb custom_margin=\u00bb0px||0px||false|false\u00bb custom_padding=\u00bb60px|9%||9%|false|true\u00bb global_colors_info=\u00bb{}\u00bb][et_pb_column type=\u00bb1_2&#8243; _builder_version=\u00bb4.19.4&#8243; _module_preset=\u00bbdefault\u00bb global_colors_info=\u00bb{}\u00bb][et_pb_text ul_item_indent=\u00bb36px\u00bb _builder_version=\u00bb4.27.4&#8243; text_font=\u00bbWork Sans||||||||\u00bb text_text_color=\u00bb#434342&#8243; text_font_size=\u00bb16px\u00bb text_line_height=\u00bb1.3em\u00bb link_text_color=\u00bb#0C71C3&#8243; header_text_color=\u00bb#434342&#8243; header_2_font=\u00bb|700|||||||\u00bb header_2_text_color=\u00bb#434342&#8243; header_2_font_size=\u00bb30px\u00bb header_3_text_color=\u00bb#434342&#8243; header_3_line_height=\u00bb1.4em\u00bb background_layout=\u00bbdark\u00bb custom_margin=\u00bb65px||||false|false\u00bb custom_padding=\u00bb0px||0px||false|false\u00bb hover_enabled=\u00bb0&#8243; border_width_bottom=\u00bb1px\u00bb border_color_bottom=\u00bb#000000&#8243; global_colors_info=\u00bb{}\u00bb sticky_enabled=\u00bb0&#8243;]<\/p>\n<h2>Est\u00e9tica y comodidad<\/h2>\n<p>[\/et_pb_text][et_pb_text _builder_version=\u00bb4.27.4&#8243; text_font=\u00bbWork Sans||||||||\u00bb text_text_color=\u00bb#434342&#8243; text_font_size=\u00bb18px\u00bb link_text_color=\u00bb#0C71C3&#8243; header_text_color=\u00bb#434342&#8243; header_2_font=\u00bbWork Sans|700|||||||\u00bb header_2_text_color=\u00bb#434342&#8243; header_2_font_size=\u00bb30px\u00bb header_3_text_color=\u00bb#434342&#8243; header_3_line_height=\u00bb1.4em\u00bb background_layout=\u00bbdark\u00bb custom_padding=\u00bb0px||0px||false|false\u00bb global_colors_info=\u00bb{}\u00bb sticky_enabled=\u00bb0&#8243; text_orientation=\u00bbjustified\u00bb]<\/p>\n<p>El interiorismo de Self-Storage tambi\u00e9n se caracteriza por su est\u00e9tica y comodidad. Los acabados modernos, la iluminaci\u00f3n bien seleccionada y las soluciones ergon\u00f3micas hacen que el uso del espacio de almacenamiento sea un placer. Cada m\u00f3dulo est\u00e1 cuidadosamente dise\u00f1ado para satisfacer las necesidades de los clientes y garantizarles la comodidad durante su uso.<\/p>\n<p>[\/et_pb_text][\/et_pb_column][et_pb_column type=\u00bb1_2&#8243; _builder_version=\u00bb4.19.4&#8243; _module_preset=\u00bbdefault\u00bb global_colors_info=\u00bb{}\u00bb][et_pb_image src=\u00bbhttps:\/\/ht-box.com\/wp-content\/uploads\/2023\/08\/Zabudowa-wewnetrzna-self-storage-ergonomia-.webp\u00bb title_text=\u00bbZabudowa wewnetrzna self storage ergonomia\u00bb _builder_version=\u00bb4.20.4&#8243; _module_preset=\u00bbdefault\u00bb global_colors_info=\u00bb{}\u00bb][\/et_pb_image][\/et_pb_column][\/et_pb_row][\/et_pb_section]<\/p>\n","protected":false},"excerpt":{"rendered":"<p>SELF-STORAGE INTERIOREl mobiliario interior Self-Storage es una soluci\u00f3n avanzada que permite aprovechar al m\u00e1ximo el espacio para almacenar diversos objetos de forma funcional y organizada. Este innovador concepto est\u00e1 dise\u00f1ado para garantizar un nivel excepcional de seguridad y comodidad. El mobiliario interior para self storage ha sido dise\u00f1ado para maximizar la eficiencia del almacenamiento. Utiliza [&hellip;]<\/p>\n","protected":false},"author":6,"featured_media":0,"parent":0,"menu_order":0,"comment_status":"closed","ping_status":"closed","template":"","meta":{"_et_pb_use_builder":"on","_et_pb_old_content":"","_et_gb_content_width":"","footnotes":""},"class_list":["post-19195","page","type-page","status-publish","hentry"],"yoast_head":"<!-- This site is optimized with the Yoast SEO plugin v25.1 - https:\/\/yoast.com\/wordpress\/plugins\/seo\/ -->\n<title>Zabudowa wewn\u0119trzna self storage | HT-BOX<\/title>\n<meta name=\"description\" content=\"Realizacje zabudowa wewn\u0119trzna self-storage HT-BOX.COM. Galeria projekt\u00f3w magazynowych w Polsce i Europie. Zobacz nasze 300+ lokalizacji.\" \/>\n<meta name=\"robots\" content=\"index, follow, max-snippet:-1, max-image-preview:large, max-video-preview:-1\" \/>\n<link rel=\"canonical\" href=\"https:\/\/ht-box.com\/es\/self-storage-interior\/\" \/>\n<meta property=\"og:locale\" content=\"es_ES\" \/>\n<meta property=\"og:type\" content=\"article\" \/>\n<meta property=\"og:title\" content=\"Zabudowa wewn\u0119trzna self storage | HT-BOX\" \/>\n<meta property=\"og:description\" content=\"Realizacje zabudowa wewn\u0119trzna self-storage HT-BOX.COM. Galeria projekt\u00f3w magazynowych w Polsce i Europie. Zobacz nasze 300+ lokalizacji.\" \/>\n<meta property=\"og:url\" content=\"https:\/\/ht-box.com\/es\/self-storage-interior\/\" \/>\n<meta property=\"og:site_name\" content=\"HT-BOX\" \/>\n<meta property=\"article:modified_time\" content=\"2025-10-13T20:04:36+00:00\" \/>\n<meta name=\"twitter:card\" content=\"summary_large_image\" \/>\n<meta name=\"twitter:label1\" content=\"Tiempo de lectura\" \/>\n\t<meta name=\"twitter:data1\" content=\"2 minutos\" \/>\n<script type=\"application\/ld+json\" class=\"yoast-schema-graph\">{\"@context\":\"https:\/\/schema.org\",\"@graph\":[{\"@type\":\"WebPage\",\"@id\":\"https:\/\/ht-box.com\/es\/self-storage-interior\/\",\"url\":\"https:\/\/ht-box.com\/es\/self-storage-interior\/\",\"name\":\"Zabudowa wewn\u0119trzna self storage | HT-BOX\",\"isPartOf\":{\"@id\":\"https:\/\/ht-box.com\/#website\"},\"datePublished\":\"2020-12-10T10:24:00+00:00\",\"dateModified\":\"2025-10-13T20:04:36+00:00\",\"description\":\"Realizacje zabudowa wewn\u0119trzna self-storage HT-BOX.COM. Galeria projekt\u00f3w magazynowych w Polsce i Europie. Zobacz nasze 300+ lokalizacji.\",\"breadcrumb\":{\"@id\":\"https:\/\/ht-box.com\/es\/self-storage-interior\/#breadcrumb\"},\"inLanguage\":\"es\",\"potentialAction\":[{\"@type\":\"ReadAction\",\"target\":[\"https:\/\/ht-box.com\/es\/self-storage-interior\/\"]}]},{\"@type\":\"BreadcrumbList\",\"@id\":\"https:\/\/ht-box.com\/es\/self-storage-interior\/#breadcrumb\",\"itemListElement\":[{\"@type\":\"ListItem\",\"position\":1,\"name\":\"Home\",\"item\":\"https:\/\/ht-box.com\/es\/\"},{\"@type\":\"ListItem\",\"position\":2,\"name\":\"Self-Storage Interior &#8211; ES\"}]},{\"@type\":\"WebSite\",\"@id\":\"https:\/\/ht-box.com\/#website\",\"url\":\"https:\/\/ht-box.com\/\",\"name\":\"HT-BOX\",\"description\":\"Ht-box to producent kontener\u00f3w magazynowych do zastosowa\u0144 przemys\u0142owych, przydomowych czy Self Storage.\",\"potentialAction\":[{\"@type\":\"SearchAction\",\"target\":{\"@type\":\"EntryPoint\",\"urlTemplate\":\"https:\/\/ht-box.com\/?s={search_term_string}\"},\"query-input\":{\"@type\":\"PropertyValueSpecification\",\"valueRequired\":true,\"valueName\":\"search_term_string\"}}],\"inLanguage\":\"es\"}]}<\/script>\n<!-- \/ Yoast SEO plugin. -->","yoast_head_json":{"title":"Zabudowa wewn\u0119trzna self storage | HT-BOX","description":"Realizacje zabudowa wewn\u0119trzna self-storage HT-BOX.COM. Galeria projekt\u00f3w magazynowych w Polsce i Europie. Zobacz nasze 300+ lokalizacji.","robots":{"index":"index","follow":"follow","max-snippet":"max-snippet:-1","max-image-preview":"max-image-preview:large","max-video-preview":"max-video-preview:-1"},"canonical":"https:\/\/ht-box.com\/es\/self-storage-interior\/","og_locale":"es_ES","og_type":"article","og_title":"Zabudowa wewn\u0119trzna self storage | HT-BOX","og_description":"Realizacje zabudowa wewn\u0119trzna self-storage HT-BOX.COM. Galeria projekt\u00f3w magazynowych w Polsce i Europie. Zobacz nasze 300+ lokalizacji.","og_url":"https:\/\/ht-box.com\/es\/self-storage-interior\/","og_site_name":"HT-BOX","article_modified_time":"2025-10-13T20:04:36+00:00","twitter_card":"summary_large_image","twitter_misc":{"Tiempo de lectura":"2 minutos"},"schema":{"@context":"https:\/\/schema.org","@graph":[{"@type":"WebPage","@id":"https:\/\/ht-box.com\/es\/self-storage-interior\/","url":"https:\/\/ht-box.com\/es\/self-storage-interior\/","name":"Zabudowa wewn\u0119trzna self storage | HT-BOX","isPartOf":{"@id":"https:\/\/ht-box.com\/#website"},"datePublished":"2020-12-10T10:24:00+00:00","dateModified":"2025-10-13T20:04:36+00:00","description":"Realizacje zabudowa wewn\u0119trzna self-storage HT-BOX.COM. Galeria projekt\u00f3w magazynowych w Polsce i Europie. Zobacz nasze 300+ lokalizacji.","breadcrumb":{"@id":"https:\/\/ht-box.com\/es\/self-storage-interior\/#breadcrumb"},"inLanguage":"es","potentialAction":[{"@type":"ReadAction","target":["https:\/\/ht-box.com\/es\/self-storage-interior\/"]}]},{"@type":"BreadcrumbList","@id":"https:\/\/ht-box.com\/es\/self-storage-interior\/#breadcrumb","itemListElement":[{"@type":"ListItem","position":1,"name":"Home","item":"https:\/\/ht-box.com\/es\/"},{"@type":"ListItem","position":2,"name":"Self-Storage Interior &#8211; ES"}]},{"@type":"WebSite","@id":"https:\/\/ht-box.com\/#website","url":"https:\/\/ht-box.com\/","name":"HT-BOX","description":"Ht-box to producent kontener\u00f3w magazynowych do zastosowa\u0144 przemys\u0142owych, przydomowych czy Self Storage.","potentialAction":[{"@type":"SearchAction","target":{"@type":"EntryPoint","urlTemplate":"https:\/\/ht-box.com\/?s={search_term_string}"},"query-input":{"@type":"PropertyValueSpecification","valueRequired":true,"valueName":"search_term_string"}}],"inLanguage":"es"}]}},"_links":{"self":[{"href":"https:\/\/ht-box.com\/es\/wp-json\/wp\/v2\/pages\/19195","targetHints":{"allow":["GET"]}}],"collection":[{"href":"https:\/\/ht-box.com\/es\/wp-json\/wp\/v2\/pages"}],"about":[{"href":"https:\/\/ht-box.com\/es\/wp-json\/wp\/v2\/types\/page"}],"author":[{"embeddable":true,"href":"https:\/\/ht-box.com\/es\/wp-json\/wp\/v2\/users\/6"}],"replies":[{"embeddable":true,"href":"https:\/\/ht-box.com\/es\/wp-json\/wp\/v2\/comments?post=19195"}],"version-history":[{"count":7,"href":"https:\/\/ht-box.com\/es\/wp-json\/wp\/v2\/pages\/19195\/revisions"}],"predecessor-version":[{"id":19414,"href":"https:\/\/ht-box.com\/es\/wp-json\/wp\/v2\/pages\/19195\/revisions\/19414"}],"wp:attachment":[{"href":"https:\/\/ht-box.com\/es\/wp-json\/wp\/v2\/media?parent=19195"}],"curies":[{"name":"wp","href":"https:\/\/api.w.org\/{rel}","templated":true}]}}